{"id":58,"date":"2025-01-03T07:24:37","date_gmt":"2025-01-03T07:24:37","guid":{"rendered":"https:\/\/ferienwohnung-bad-feilnbach.de\/?page_id=58"},"modified":"2025-01-05T16:06:18","modified_gmt":"2025-01-05T16:06:18","slug":"das-gaestehaus-kurz-in-bad-feilnbach","status":"publish","type":"page","link":"https:\/\/ferienwohnung-bad-feilnbach.de\/","title":{"rendered":"*"},"content":{"rendered":"\n<div id=\"section-g-nffdfz6\" class=\"wp-block-gutentor-e1 section-g-nffdfz6 gutentor-element gutentor-element-advanced-text gutentor-width-enabled enable-title-design gutentor-adv-text-enabled-width text-align-justify-desktop text-align-justify-mobile\"><div class=\"gutentor-text-wrap divider-top\"><div class=\"gutentor-separator gutentor-separator-before\"><span><\/span><\/div><h5 class=\"gutentor-text\">                                                                                    <strong><em>Herzlich Willkommen im G\u00e4stehaus Kurz <\/em><\/strong><br>                                                                                                         <strong><em>in Bad Feilnbach <\/em><\/strong><\/h5><\/div><\/div>\n\n\n\n<figure class=\"wp-block-gallery has-nested-images columns-default is-cropped wp-block-gallery-1 is-layout-flex wp-block-gallery-is-layout-flex\">\n<figure class=\"wp-block-image size-full is-style-rounded\"><img loading=\"lazy\" decoding=\"async\" width=\"822\" height=\"547\" data-id=\"238\" src=\"https:\/\/ferienwohnung-bad-feilnbach.de\/wp-content\/uploads\/2025\/01\/DSC_2062.jpg\" alt=\"\" class=\"wp-image-238\" srcset=\"https:\/\/ferienwohnung-bad-feilnbach.de\/wp-content\/uploads\/2025\/01\/DSC_2062.jpg 822w, https:\/\/ferienwohnung-bad-feilnbach.de\/wp-content\/uploads\/2025\/01\/DSC_2062-601x400.jpg 601w, https:\/\/ferienwohnung-bad-feilnbach.de\/wp-content\/uploads\/2025\/01\/DSC_2062-796x530.jpg 796w, https:\/\/ferienwohnung-bad-feilnbach.de\/wp-content\/uploads\/2025\/01\/DSC_2062-768x511.jpg 768w\" sizes=\"auto, (max-width: 822px) 100vw, 822px\" \/><\/figure>\n\n\n\n<figure class=\"wp-block-image size-full is-style-rounded\"><img loading=\"lazy\" decoding=\"async\" width=\"512\" height=\"512\" data-id=\"199\" src=\"https:\/\/ferienwohnung-bad-feilnbach.de\/wp-content\/uploads\/2025\/01\/cropped-P7220010-scaled-1.jpg\" alt=\"\" class=\"wp-image-199\" srcset=\"https:\/\/ferienwohnung-bad-feilnbach.de\/wp-content\/uploads\/2025\/01\/cropped-P7220010-scaled-1.jpg 512w, https:\/\/ferienwohnung-bad-feilnbach.de\/wp-content\/uploads\/2025\/01\/cropped-P7220010-scaled-1-400x400.jpg 400w, https:\/\/ferienwohnung-bad-feilnbach.de\/wp-content\/uploads\/2025\/01\/cropped-P7220010-scaled-1-270x270.jpg 270w, https:\/\/ferienwohnung-bad-feilnbach.de\/wp-content\/uploads\/2025\/01\/cropped-P7220010-scaled-1-192x192.jpg 192w, https:\/\/ferienwohnung-bad-feilnbach.de\/wp-content\/uploads\/2025\/01\/cropped-P7220010-scaled-1-180x180.jpg 180w, https:\/\/ferienwohnung-bad-feilnbach.de\/wp-content\/uploads\/2025\/01\/cropped-P7220010-scaled-1-32x32.jpg 32w\" sizes=\"auto, (max-width: 512px) 100vw, 512px\" \/><\/figure>\n\n\n\n<figure class=\"wp-block-image size-thumbnail is-style-rounded\"><img loading=\"lazy\" decoding=\"async\" width=\"500\" height=\"280\" data-id=\"184\" src=\"https:\/\/ferienwohnung-bad-feilnbach.de\/wp-content\/uploads\/2025\/01\/Mai-2012-011-2-500x280.jpg\" alt=\"\" class=\"wp-image-184\"\/><\/figure>\n<\/figure>\n\n\n\n<div id=\"section-g-yeue230\" class=\"wp-block-gutentor-e0 section-g-yeue230 gutentor-element gutentor-element-advanced-text text-align-center-desktop text-align-center-mobile\"><div class=\"gutentor-text-wrap\"><h5 class=\"gutentor-text\"><strong>Servus und<\/strong> <strong>Gr\u00fc\u00df Gott in<br>Bad Feilnbach&nbsp;am Fu\u00dfe des Wendelstein, dem kleinen idyllischen Ort.<br>Wie geschaffen f\u00fcr Menschen, die im Urlaub &#8211; Ruhe, Entspannung und Erholung suchen.<\/strong><\/h5><\/div><\/div>\n\n\n\n<figure class=\"wp-block-image size-full is-resized\"><img loading=\"lazy\" decoding=\"async\" width=\"2560\" height=\"1702\" src=\"https:\/\/ferienwohnung-bad-feilnbach.de\/wp-content\/uploads\/2025\/01\/DSC_2070-scaled.jpg\" alt=\"\" class=\"wp-image-242\" style=\"width:2174px;height:auto\" srcset=\"https:\/\/ferienwohnung-bad-feilnbach.de\/wp-content\/uploads\/2025\/01\/DSC_2070-scaled.jpg 2560w, https:\/\/ferienwohnung-bad-feilnbach.de\/wp-content\/uploads\/2025\/01\/DSC_2070-602x400.jpg 602w, https:\/\/ferienwohnung-bad-feilnbach.de\/wp-content\/uploads\/2025\/01\/DSC_2070-797x530.jpg 797w, https:\/\/ferienwohnung-bad-feilnbach.de\/wp-content\/uploads\/2025\/01\/DSC_2070-768x511.jpg 768w, https:\/\/ferienwohnung-bad-feilnbach.de\/wp-content\/uploads\/2025\/01\/DSC_2070-1536x1021.jpg 1536w, https:\/\/ferienwohnung-bad-feilnbach.de\/wp-content\/uploads\/2025\/01\/DSC_2070-2048x1362.jpg 2048w\" sizes=\"auto, (max-width: 2560px) 100vw, 2560px\" \/><\/figure>\n\n\n\n<div id=\"section-g-4f4tswr\" class=\"wp-block-gutentor-e0 section-g-4f4tswr gutentor-element gutentor-element-advanced-text text-align-center-desktop text-align-center-mobile\"><div class=\"gutentor-text-wrap\"><h2 class=\"gutentor-text\">Nur wenige Minuten vom Ortskern entfernt, liegt unser Haus an den H\u00e4ngen des nahen Wendelsteins.<\/h2><\/div><\/div>\n\n\n\n<div class=\"wp-block-group\"><div class=\"wp-block-group__inner-container is-layout-constrained wp-block-group-is-layout-constrained\">\n<figure class=\"wp-block-gallery has-nested-images columns-default is-cropped wp-block-gallery-2 is-layout-flex wp-block-gallery-is-layout-flex\">\n<figure class=\"wp-block-image size-large is-style-rounded\"><img loading=\"lazy\" decoding=\"async\" width=\"799\" height=\"530\" data-id=\"78\" src=\"https:\/\/ferienwohnung-bad-feilnbach.de\/wp-content\/uploads\/2025\/01\/DSC_4756-799x530.jpg\" alt=\"\" class=\"wp-image-78\" srcset=\"https:\/\/ferienwohnung-bad-feilnbach.de\/wp-content\/uploads\/2025\/01\/DSC_4756-799x530.jpg 799w, https:\/\/ferienwohnung-bad-feilnbach.de\/wp-content\/uploads\/2025\/01\/DSC_4756-603x400.jpg 603w, https:\/\/ferienwohnung-bad-feilnbach.de\/wp-content\/uploads\/2025\/01\/DSC_4756-768x509.jpg 768w, https:\/\/ferienwohnung-bad-feilnbach.de\/wp-content\/uploads\/2025\/01\/DSC_4756-1536x1019.jpg 1536w, https:\/\/ferienwohnung-bad-feilnbach.de\/wp-content\/uploads\/2025\/01\/DSC_4756-2048x1358.jpg 2048w\" sizes=\"auto, (max-width: 799px) 100vw, 799px\" \/><\/figure>\n\n\n\n<figure class=\"wp-block-image size-large is-style-rounded\"><img loading=\"lazy\" decoding=\"async\" width=\"707\" height=\"530\" data-id=\"79\" src=\"https:\/\/ferienwohnung-bad-feilnbach.de\/wp-content\/uploads\/2025\/01\/Mai-2012-011-1-707x530.jpg\" alt=\"\" class=\"wp-image-79\" srcset=\"https:\/\/ferienwohnung-bad-feilnbach.de\/wp-content\/uploads\/2025\/01\/Mai-2012-011-1-707x530.jpg 707w, https:\/\/ferienwohnung-bad-feilnbach.de\/wp-content\/uploads\/2025\/01\/Mai-2012-011-1-533x400.jpg 533w, https:\/\/ferienwohnung-bad-feilnbach.de\/wp-content\/uploads\/2025\/01\/Mai-2012-011-1-768x576.jpg 768w, https:\/\/ferienwohnung-bad-feilnbach.de\/wp-content\/uploads\/2025\/01\/Mai-2012-011-1-1536x1152.jpg 1536w, https:\/\/ferienwohnung-bad-feilnbach.de\/wp-content\/uploads\/2025\/01\/Mai-2012-011-1-2048x1536.jpg 2048w\" sizes=\"auto, (max-width: 707px) 100vw, 707px\" \/><\/figure>\n\n\n\n<figure class=\"wp-block-image size-large is-style-rounded\"><img loading=\"lazy\" decoding=\"async\" width=\"290\" height=\"194\" data-id=\"86\" src=\"https:\/\/ferienwohnung-bad-feilnbach.de\/wp-content\/uploads\/2025\/01\/16.jpg\" alt=\"\" class=\"wp-image-86\"\/><\/figure>\n\n\n\n<figure class=\"wp-block-image size-large is-style-rounded\"><img loading=\"lazy\" decoding=\"async\" width=\"707\" height=\"530\" data-id=\"87\" src=\"https:\/\/ferienwohnung-bad-feilnbach.de\/wp-content\/uploads\/2025\/01\/17-707x530.jpg\" alt=\"\" class=\"wp-image-87\" srcset=\"https:\/\/ferienwohnung-bad-feilnbach.de\/wp-content\/uploads\/2025\/01\/17-707x530.jpg 707w, https:\/\/ferienwohnung-bad-feilnbach.de\/wp-content\/uploads\/2025\/01\/17-533x400.jpg 533w, https:\/\/ferienwohnung-bad-feilnbach.de\/wp-content\/uploads\/2025\/01\/17-768x576.jpg 768w, https:\/\/ferienwohnung-bad-feilnbach.de\/wp-content\/uploads\/2025\/01\/17-1536x1152.jpg 1536w, https:\/\/ferienwohnung-bad-feilnbach.de\/wp-content\/uploads\/2025\/01\/17-2048x1536.jpg 2048w\" sizes=\"auto, (max-width: 707px) 100vw, 707px\" \/><\/figure>\n\n\n\n<figure class=\"wp-block-image size-large is-style-rounded\"><img loading=\"lazy\" decoding=\"async\" width=\"320\" height=\"213\" data-id=\"88\" src=\"https:\/\/ferienwohnung-bad-feilnbach.de\/wp-content\/uploads\/2025\/01\/18.jpg\" alt=\"\" class=\"wp-image-88\"\/><\/figure>\n\n\n\n<figure class=\"wp-block-image size-large is-style-rounded\"><img loading=\"lazy\" decoding=\"async\" width=\"320\" height=\"213\" data-id=\"89\" src=\"https:\/\/ferienwohnung-bad-feilnbach.de\/wp-content\/uploads\/2025\/01\/19.jpg\" alt=\"\" class=\"wp-image-89\"\/><\/figure>\n\n\n\n<figure class=\"wp-block-image size-large is-style-rounded\"><img loading=\"lazy\" decoding=\"async\" width=\"822\" height=\"336\" data-id=\"90\" src=\"https:\/\/ferienwohnung-bad-feilnbach.de\/wp-content\/uploads\/2025\/01\/20-2.jpg\" alt=\"\" class=\"wp-image-90\" srcset=\"https:\/\/ferienwohnung-bad-feilnbach.de\/wp-content\/uploads\/2025\/01\/20-2.jpg 822w, https:\/\/ferienwohnung-bad-feilnbach.de\/wp-content\/uploads\/2025\/01\/20-2-690x282.jpg 690w, https:\/\/ferienwohnung-bad-feilnbach.de\/wp-content\/uploads\/2025\/01\/20-2-768x314.jpg 768w\" sizes=\"auto, (max-width: 822px) 100vw, 822px\" \/><\/figure>\n\n\n\n<figure class=\"wp-block-image size-large is-style-rounded\"><img loading=\"lazy\" decoding=\"async\" width=\"320\" height=\"213\" data-id=\"92\" src=\"https:\/\/ferienwohnung-bad-feilnbach.de\/wp-content\/uploads\/2025\/01\/20.jpg\" alt=\"\" class=\"wp-image-92\"\/><\/figure>\n\n\n\n<figure class=\"wp-block-image size-large is-style-rounded\"><img loading=\"lazy\" decoding=\"async\" width=\"707\" height=\"530\" data-id=\"93\" src=\"https:\/\/ferienwohnung-bad-feilnbach.de\/wp-content\/uploads\/2025\/01\/2012-707x530.jpg\" alt=\"\" class=\"wp-image-93\" srcset=\"https:\/\/ferienwohnung-bad-feilnbach.de\/wp-content\/uploads\/2025\/01\/2012-707x530.jpg 707w, https:\/\/ferienwohnung-bad-feilnbach.de\/wp-content\/uploads\/2025\/01\/2012-533x400.jpg 533w, https:\/\/ferienwohnung-bad-feilnbach.de\/wp-content\/uploads\/2025\/01\/2012-768x576.jpg 768w, https:\/\/ferienwohnung-bad-feilnbach.de\/wp-content\/uploads\/2025\/01\/2012-1536x1152.jpg 1536w, https:\/\/ferienwohnung-bad-feilnbach.de\/wp-content\/uploads\/2025\/01\/2012-2048x1536.jpg 2048w\" sizes=\"auto, (max-width: 707px) 100vw, 707px\" \/><\/figure>\n\n\n\n<figure class=\"wp-block-image size-large is-style-rounded\"><img loading=\"lazy\" decoding=\"async\" width=\"320\" height=\"240\" data-id=\"96\" src=\"https:\/\/ferienwohnung-bad-feilnbach.de\/wp-content\/uploads\/2025\/01\/Bilder-Haus-2010-009.jpg\" alt=\"\" class=\"wp-image-96\"\/><\/figure>\n\n\n\n<figure class=\"wp-block-image size-large is-style-rounded\"><img loading=\"lazy\" decoding=\"async\" width=\"262\" height=\"177\" data-id=\"97\" src=\"https:\/\/ferienwohnung-bad-feilnbach.de\/wp-content\/uploads\/2025\/01\/DSC_1027-2.jpg\" alt=\"\" class=\"wp-image-97\"\/><\/figure>\n\n\n\n<figure class=\"wp-block-image size-large is-style-rounded\"><img loading=\"lazy\" decoding=\"async\" width=\"320\" height=\"213\" data-id=\"99\" src=\"https:\/\/ferienwohnung-bad-feilnbach.de\/wp-content\/uploads\/2025\/01\/DSC_1386.jpg\" alt=\"\" class=\"wp-image-99\"\/><\/figure>\n<\/figure>\n<\/div><\/div>\n\n\n\n<p><\/p>\n\n\n\n<div id=\"section-g-wmkd1pt\" class=\"wp-block-gutentor-e0 section-g-wmkd1pt gutentor-element gutentor-element-advanced-text text-align-center-mobile\"><div class=\"gutentor-text-wrap\"><h2 class=\"gutentor-text\">Vielleicht haben Sie sich f\u00fcr unsere Ferienwohnung mit Terrasse entschieden, die f\u00fcr die Dauer Ihres Aufenthaltes Ihr Zuhause sein wird.<\/h2><\/div><\/div>\n\n\n\n<figure class=\"wp-block-image size-large is-resized\"><img loading=\"lazy\" decoding=\"async\" width=\"942\" height=\"530\" src=\"https:\/\/ferienwohnung-bad-feilnbach.de\/wp-content\/uploads\/2025\/01\/SAM_2397-2-942x530.jpg\" alt=\"\" class=\"wp-image-329\" style=\"width:452px;height:auto\" srcset=\"https:\/\/ferienwohnung-bad-feilnbach.de\/wp-content\/uploads\/2025\/01\/SAM_2397-2-942x530.jpg 942w, https:\/\/ferienwohnung-bad-feilnbach.de\/wp-content\/uploads\/2025\/01\/SAM_2397-2-690x388.jpg 690w, https:\/\/ferienwohnung-bad-feilnbach.de\/wp-content\/uploads\/2025\/01\/SAM_2397-2-500x280.jpg 500w, https:\/\/ferienwohnung-bad-feilnbach.de\/wp-content\/uploads\/2025\/01\/SAM_2397-2-768x432.jpg 768w, https:\/\/ferienwohnung-bad-feilnbach.de\/wp-content\/uploads\/2025\/01\/SAM_2397-2-1536x864.jpg 1536w, https:\/\/ferienwohnung-bad-feilnbach.de\/wp-content\/uploads\/2025\/01\/SAM_2397-2-2048x1152.jpg 2048w\" sizes=\"auto, (max-width: 942px) 100vw, 942px\" \/><\/figure>\n\n\n\n<p class=\"has-black-color has-text-color has-link-color has-medium-font-size wp-elements-c1eadcf0ac7ef2181999d9f4cdeacb60\"><strong><em>Ferienwohnung 1<\/em><\/strong><\/p>\n\n\n\n<figure class=\"wp-block-image size-full\"><img loading=\"lazy\" decoding=\"async\" width=\"1177\" height=\"443\" src=\"https:\/\/ferienwohnung-bad-feilnbach.de\/wp-content\/uploads\/2025\/01\/Ferienwohnung-1-1-2.jpg\" alt=\"\" class=\"wp-image-279\" srcset=\"https:\/\/ferienwohnung-bad-feilnbach.de\/wp-content\/uploads\/2025\/01\/Ferienwohnung-1-1-2.jpg 1177w, https:\/\/ferienwohnung-bad-feilnbach.de\/wp-content\/uploads\/2025\/01\/Ferienwohnung-1-1-2-690x260.jpg 690w, https:\/\/ferienwohnung-bad-feilnbach.de\/wp-content\/uploads\/2025\/01\/Ferienwohnung-1-1-2-1080x406.jpg 1080w, https:\/\/ferienwohnung-bad-feilnbach.de\/wp-content\/uploads\/2025\/01\/Ferienwohnung-1-1-2-768x289.jpg 768w\" sizes=\"auto, (max-width: 1177px) 100vw, 1177px\" \/><\/figure>\n\n\n\n<p class=\"has-black-color has-text-color has-link-color has-medium-font-size wp-elements-283823d90ff1beafe40e8611dc122479\"><em><strong>Ferienwohnung 2 <\/strong><\/em><\/p>\n\n\n\n<figure class=\"wp-block-image size-full is-resized\"><img loading=\"lazy\" decoding=\"async\" width=\"1132\" height=\"420\" src=\"https:\/\/ferienwohnung-bad-feilnbach.de\/wp-content\/uploads\/2025\/01\/Ferienwohnung-2-.jpg\" alt=\"\" class=\"wp-image-289\" style=\"width:1165px;height:auto\" srcset=\"https:\/\/ferienwohnung-bad-feilnbach.de\/wp-content\/uploads\/2025\/01\/Ferienwohnung-2-.jpg 1132w, https:\/\/ferienwohnung-bad-feilnbach.de\/wp-content\/uploads\/2025\/01\/Ferienwohnung-2--690x256.jpg 690w, https:\/\/ferienwohnung-bad-feilnbach.de\/wp-content\/uploads\/2025\/01\/Ferienwohnung-2--1080x401.jpg 1080w, https:\/\/ferienwohnung-bad-feilnbach.de\/wp-content\/uploads\/2025\/01\/Ferienwohnung-2--768x285.jpg 768w\" sizes=\"auto, (max-width: 1132px) 100vw, 1132px\" \/><\/figure>\n\n\n\n<div id=\"section-g-kz0bi0y\" class=\"wp-block-gutentor-e0 section-g-kz0bi0y gutentor-element gutentor-element-advanced-text text-align-center-desktop\"><div class=\"gutentor-text-wrap\"><h6 class=\"gutentor-text\">Hier erwarten Sie ansprechende R\u00e4umlichkeiten, mit Komfort und Gem\u00fctlichkeit. 35 qm Wohnfl\u00e4che, aufgeteilt in 2 separate R\u00e4ume. Ihnen steht eine bequeme Sitzgruppe im Wohnraum, sowie ein Doppelbett im Schlafraum bereit. Ein voll ausgestattetes Bad mit Dusche und WC sind f\u00fcr die t\u00e4gliche Pflege selbstverst\u00e4ndlich. Frische Handt\u00fccher und Bettw\u00e4sche werden kostenlos und regelm\u00e4\u00dfig zur Verf\u00fcgung gestellt. Wenn es um die Zubereitung von Speisen und Getr\u00e4nken geht, fehlt es an nichts. In der voll ausgestatteten K\u00fcchenzeile  finden Sie einen Induktionsherd, Sp\u00fcle, K\u00fchlschrank, Kaffeemaschine, Geschirr ect. ganz wie Daheim. Ihre selbst zubereiteten Speisen k\u00f6nnen Sie wahlweise auf der sonnigen Terrasse oder in der Wohnstube genie\u00dfen.<br>Gartenst\u00fchle, Sonnenliegen und ein Sonnenschirm sind vorhanden.<br><br>Zur Unterbringung Ihrer Fahrr\u00e4der oder Mountainbikes ist ein separater Abstellplatz reserviert.<br><br>Unsere Ferienwohnungen sind ebenerdig vom G\u00e4steparkplatz zu erreichen, so steht Ihnen kein Hindernis im Weg. Ihr PKW steht in unmittelbarer N\u00e4he zur Ferienwohnung.<br>Im nahen Ortskern, welcher in 5 Minuten erreichbar ist, finden Sie alle Gesch\u00e4fte die f\u00fcr das leibliche Wohl und Pflege notwendig sind.<br>Zu den nahen Wander- und Radgebieten ist es nur noch ein Katzensprung, egal ob Wendelstein, Jenbachtal, urige Almh\u00fctten oder eine besinnliche Moorwanderung starten direkt von der Haust\u00fcre.<br><\/h6><\/div><\/div>\n\n\n\n<div class=\"wp-block-group\"><div class=\"wp-block-group__inner-container is-layout-constrained wp-block-group-is-layout-constrained\">\n<div class=\"wp-block-group is-layout-grid wp-container-core-group-is-layout-9649a0d9 wp-block-group-is-layout-grid\">\n<div class=\"wp-block-group is-layout-grid wp-container-core-group-is-layout-9649a0d9 wp-block-group-is-layout-grid\">\n<figure class=\"wp-block-video\"><video height=\"1080\" style=\"aspect-ratio: 1920 \/ 1080;\" width=\"1920\" autoplay controls muted src=\"https:\/\/ferienwohnung-bad-feilnbach.de\/wp-content\/uploads\/2025\/01\/Fewo1-2.mp4\" playsinline><\/video><figcaption class=\"wp-element-caption\">Ferienwohnung 1 Schlafbereich und Bad <\/figcaption><\/figure>\n<\/div>\n\n\n\n<figure class=\"wp-block-video\"><video height=\"1080\" style=\"aspect-ratio: 1920 \/ 1080;\" width=\"1920\" autoplay controls muted src=\"https:\/\/ferienwohnung-bad-feilnbach.de\/wp-content\/uploads\/2025\/01\/Fewo1-1.mp4\" playsinline><\/video><figcaption class=\"wp-element-caption\">Ferienwohnung 1 Wohnbereich und K\u00fcche<\/figcaption><\/figure>\n\n\n\n<figure class=\"wp-block-video\"><video height=\"1080\" style=\"aspect-ratio: 1920 \/ 1080;\" width=\"1920\" autoplay controls muted src=\"https:\/\/ferienwohnung-bad-feilnbach.de\/wp-content\/uploads\/2025\/01\/Fewo2-1.mp4\" playsinline><\/video><figcaption class=\"wp-element-caption\">Ferienwohnung 2 &#8211; Wohnbereich und K\u00fcche <\/figcaption><\/figure>\n\n\n\n<figure class=\"wp-block-video\"><video height=\"1080\" style=\"aspect-ratio: 1920 \/ 1080;\" width=\"1920\" autoplay controls muted src=\"https:\/\/ferienwohnung-bad-feilnbach.de\/wp-content\/uploads\/2025\/01\/Fewo2-2.mp4\" playsinline><\/video><figcaption class=\"wp-element-caption\">Ferienwohnung 2 Schlafbereich <\/figcaption><\/figure>\n<\/div>\n<\/div><\/div>\n\n\n\n<div id=\"section-g-0ytwy11\" class=\"wp-block-gutentor-e0 section-g-0ytwy11 gutentor-element gutentor-element-advanced-text text-align-left-desktop\"><div class=\"gutentor-text-wrap\"><h5 class=\"gutentor-text\">Ruhe und Natur in unserer Region sind gepaart, mit vielen individuellen M\u00f6glichkeiten zur Freizeitgestaltung. Sommer wie Winter laden zum aktiven Sport oder purem Naturerlebnis ein.<br><br>Beliebte Ausflugsziele:<br>&#8211; Chiemsee mit seinen Inseln Herrn- und Frauenchiemsee<br>&#8211; Tegernsee, Spitzingsee und Schliersee<br>&#8211; Therme Bad Aibling mit gro\u00dfz\u00fcgiger Saunalandschaft<br>&#8211; Bergbahnen: Wendelstein, Hochries und Kampenwand<br>&#8211; Wildfreizeitpark Oberreith<br>&#8211; Sommerrodelbahnen Oberaudorf und Seewalchen (A)<br>&#8211; Langlauf, Skifahren und Rodeln sind im Winter in der Region m\u00f6glich<br>&#8211; St\u00e4dte: Bad Aibling (10min.), Rosenheim (20min.), M\u00fcnchen (45min.), Kufstein (40min.) und Salzburg (60min.) sind gut mit dem PKW zu erreichen oder \u00fcber \u00f6ffentlichen Verkehrsmitteln<br><br>F\u00fcr Tipps zu Ausfl\u00fcgen, stehen wir Ihnen gerne pers\u00f6nlich zur Verf\u00fcgung.<br><\/h5><\/div><\/div>\n\n\n\n<p><\/p>\n\n\n\n<p class=\"has-black-color has-text-color has-link-color has-medium-font-size wp-elements-fa319bbaab4aa9c9346f562d4882496f\"><strong>Information und Preise<\/strong><\/p>\n\n\n\n<div id=\"section-g-as90a4j\" class=\"wp-block-gutentor-e0 section-g-as90a4j gutentor-element gutentor-element-advanced-text\"><div class=\"gutentor-text-wrap\"><h6 class=\"gutentor-text\">Preis pro Tag f\u00fcr 2 Personen 50,- \u20ac (inkl. 7% MwSt.),  zzgl. Kurbeitrag (Arbeitsreisende sind vom Kurbeitrag befreit).<br>Jede weitere Person 6,- \u20ac.<br>Haustiere nur nach vorheriger Absprache &#8211; pro Tag 5,- \u20ac.<br>Bei Kurzzeitaufenthalt bis max. 3 Tage berechnen wir einmalig 25,- \u20ac Endreinigung.<br>Handt\u00fccher und Bettw\u00e4sche inkl. <br>Waschmaschine und Trockner auf Anfrage m\u00f6glich.<br><br>Wichtiger Hinweis bei Stornierungen:<br>Wenn Sie in den letzten 14 Tagen vor Anreise stornieren, m\u00fcssen wir Ihnen 90% des Mietpreises (EU-Norm) in Rechnung stellen.<br>Bei Abschluss einer Reiser\u00fccktrittsversicherung greift diese. Wir bitten um Verst\u00e4ndnis.<\/h6><\/div><\/div>\n\n\n\n<p class=\"has-black-color has-text-color has-link-color has-medium-font-size wp-elements-afed991bbe43d7dd590f98adc4367fb1\"><strong>Anfrage und Buchung unter:<\/strong><\/p>\n\n\n\n<div id=\"section-g-ccsdczh\" class=\"wp-block-gutentor-e0 section-g-ccsdczh gutentor-element gutentor-element-advanced-text\"><div class=\"gutentor-text-wrap\"><h5 class=\"gutentor-text\"><strong>Telefonisch unter: 08066-400<br>E-Mail: kurz.susanne@gmx.de<\/strong><\/h5><\/div><\/div>\n\n\n\n<p><\/p>\n\n\n\n<p class=\"has-medium-font-size\"><\/p>\n\n\n\n<div class=\"wp-block-media-text is-stacked-on-mobile\" style=\"grid-template-columns:15% auto\"><figure class=\"wp-block-media-text__media\"><img loading=\"lazy\" decoding=\"async\" width=\"556\" height=\"530\" src=\"https:\/\/ferienwohnung-bad-feilnbach.de\/wp-content\/uploads\/2025\/01\/Test-556x530.jpg\" alt=\"\" class=\"wp-image-253 size-full\" srcset=\"https:\/\/ferienwohnung-bad-feilnbach.de\/wp-content\/uploads\/2025\/01\/Test-556x530.jpg 556w, https:\/\/ferienwohnung-bad-feilnbach.de\/wp-content\/uploads\/2025\/01\/Test-420x400.jpg 420w, https:\/\/ferienwohnung-bad-feilnbach.de\/wp-content\/uploads\/2025\/01\/Test.jpg 769w\" sizes=\"auto, (max-width: 556px) 100vw, 556px\" \/><\/figure><div class=\"wp-block-media-text__content\">\n<div id=\"section-g-blzd1ql\" class=\"wp-block-gutentor-e0 section-g-blzd1ql gutentor-element gutentor-element-advanced-text text-align-left-desktop\"><div class=\"gutentor-text-wrap\"><h4 class=\"gutentor-text\">Danke f\u00fcr Ihren Besuch auf unserer Website &#8211; Ihre Gastgeber &#8211; Susanne und Ralph Schliecker<\/h4><\/div><\/div>\n<\/div><\/div>\n\n\n\n<div id=\"section-g-7zbubou\" class=\"wp-block-gutentor-e0 section-g-7zbubou gutentor-element gutentor-element-advanced-text\"><div class=\"gutentor-text-wrap\"><h4 class=\"gutentor-text\">Auf ein Wiedersehen im G\u00e4stehaus Kurz <\/h4><\/div><\/div>\n\n\n\n<p><\/p>\n\n\n\n<p><\/p>\n\n\n\n<figure class=\"wp-block-gallery has-nested-images columns-7 is-cropped wp-block-gallery-3 is-layout-flex wp-block-gallery-is-layout-flex\">\n<figure class=\"wp-block-image size-full is-style-rounded\"><img loading=\"lazy\" decoding=\"async\" width=\"2560\" height=\"1920\" data-id=\"186\" src=\"https:\/\/ferienwohnung-bad-feilnbach.de\/wp-content\/uploads\/2025\/01\/P7220019-2-scaled.jpg\" alt=\"\" class=\"wp-image-186\" srcset=\"https:\/\/ferienwohnung-bad-feilnbach.de\/wp-content\/uploads\/2025\/01\/P7220019-2-scaled.jpg 2560w, https:\/\/ferienwohnung-bad-feilnbach.de\/wp-content\/uploads\/2025\/01\/P7220019-2-533x400.jpg 533w, https:\/\/ferienwohnung-bad-feilnbach.de\/wp-content\/uploads\/2025\/01\/P7220019-2-707x530.jpg 707w, https:\/\/ferienwohnung-bad-feilnbach.de\/wp-content\/uploads\/2025\/01\/P7220019-2-768x576.jpg 768w, https:\/\/ferienwohnung-bad-feilnbach.de\/wp-content\/uploads\/2025\/01\/P7220019-2-1536x1152.jpg 1536w, https:\/\/ferienwohnung-bad-feilnbach.de\/wp-content\/uploads\/2025\/01\/P7220019-2-2048x1536.jpg 2048w\" sizes=\"auto, (max-width: 2560px) 100vw, 2560px\" \/><\/figure>\n\n\n\n<figure class=\"wp-block-image size-full is-style-rounded\"><img loading=\"lazy\" decoding=\"async\" width=\"2560\" height=\"1920\" data-id=\"244\" src=\"https:\/\/ferienwohnung-bad-feilnbach.de\/wp-content\/uploads\/2025\/01\/20210509_095641-scaled.jpg\" alt=\"\" class=\"wp-image-244\" srcset=\"https:\/\/ferienwohnung-bad-feilnbach.de\/wp-content\/uploads\/2025\/01\/20210509_095641-scaled.jpg 2560w, https:\/\/ferienwohnung-bad-feilnbach.de\/wp-content\/uploads\/2025\/01\/20210509_095641-533x400.jpg 533w, https:\/\/ferienwohnung-bad-feilnbach.de\/wp-content\/uploads\/2025\/01\/20210509_095641-707x530.jpg 707w, https:\/\/ferienwohnung-bad-feilnbach.de\/wp-content\/uploads\/2025\/01\/20210509_095641-768x576.jpg 768w, https:\/\/ferienwohnung-bad-feilnbach.de\/wp-content\/uploads\/2025\/01\/20210509_095641-1536x1152.jpg 1536w, https:\/\/ferienwohnung-bad-feilnbach.de\/wp-content\/uploads\/2025\/01\/20210509_095641-2048x1536.jpg 2048w\" sizes=\"auto, (max-width: 2560px) 100vw, 2560px\" \/><\/figure>\n\n\n\n<figure class=\"wp-block-image size-full is-style-rounded\"><img loading=\"lazy\" decoding=\"async\" width=\"2560\" height=\"1702\" data-id=\"250\" src=\"https:\/\/ferienwohnung-bad-feilnbach.de\/wp-content\/uploads\/2025\/01\/DSC_2077-scaled.jpg\" alt=\"\" class=\"wp-image-250\" srcset=\"https:\/\/ferienwohnung-bad-feilnbach.de\/wp-content\/uploads\/2025\/01\/DSC_2077-scaled.jpg 2560w, https:\/\/ferienwohnung-bad-feilnbach.de\/wp-content\/uploads\/2025\/01\/DSC_2077-602x400.jpg 602w, https:\/\/ferienwohnung-bad-feilnbach.de\/wp-content\/uploads\/2025\/01\/DSC_2077-797x530.jpg 797w, https:\/\/ferienwohnung-bad-feilnbach.de\/wp-content\/uploads\/2025\/01\/DSC_2077-768x511.jpg 768w, https:\/\/ferienwohnung-bad-feilnbach.de\/wp-content\/uploads\/2025\/01\/DSC_2077-1536x1021.jpg 1536w, https:\/\/ferienwohnung-bad-feilnbach.de\/wp-content\/uploads\/2025\/01\/DSC_2077-2048x1362.jpg 2048w\" sizes=\"auto, (max-width: 2560px) 100vw, 2560px\" \/><\/figure>\n\n\n\n<figure class=\"wp-block-image size-full is-style-rounded\"><img loading=\"lazy\" decoding=\"async\" width=\"2560\" height=\"1440\" data-id=\"187\" src=\"https:\/\/ferienwohnung-bad-feilnbach.de\/wp-content\/uploads\/2025\/01\/SAM_2388-2-scaled.jpg\" alt=\"\" class=\"wp-image-187\" srcset=\"https:\/\/ferienwohnung-bad-feilnbach.de\/wp-content\/uploads\/2025\/01\/SAM_2388-2-scaled.jpg 2560w, https:\/\/ferienwohnung-bad-feilnbach.de\/wp-content\/uploads\/2025\/01\/SAM_2388-2-690x388.jpg 690w, https:\/\/ferienwohnung-bad-feilnbach.de\/wp-content\/uploads\/2025\/01\/SAM_2388-2-942x530.jpg 942w, https:\/\/ferienwohnung-bad-feilnbach.de\/wp-content\/uploads\/2025\/01\/SAM_2388-2-500x280.jpg 500w, https:\/\/ferienwohnung-bad-feilnbach.de\/wp-content\/uploads\/2025\/01\/SAM_2388-2-768x432.jpg 768w, https:\/\/ferienwohnung-bad-feilnbach.de\/wp-content\/uploads\/2025\/01\/SAM_2388-2-1536x864.jpg 1536w, https:\/\/ferienwohnung-bad-feilnbach.de\/wp-content\/uploads\/2025\/01\/SAM_2388-2-2048x1152.jpg 2048w\" sizes=\"auto, (max-width: 2560px) 100vw, 2560px\" \/><\/figure>\n\n\n\n<figure class=\"wp-block-image size-full is-style-rounded\"><img loading=\"lazy\" decoding=\"async\" width=\"2560\" height=\"1702\" data-id=\"249\" src=\"https:\/\/ferienwohnung-bad-feilnbach.de\/wp-content\/uploads\/2025\/01\/DSC_2076-scaled.jpg\" alt=\"\" class=\"wp-image-249\" srcset=\"https:\/\/ferienwohnung-bad-feilnbach.de\/wp-content\/uploads\/2025\/01\/DSC_2076-scaled.jpg 2560w, https:\/\/ferienwohnung-bad-feilnbach.de\/wp-content\/uploads\/2025\/01\/DSC_2076-602x400.jpg 602w, https:\/\/ferienwohnung-bad-feilnbach.de\/wp-content\/uploads\/2025\/01\/DSC_2076-797x530.jpg 797w, https:\/\/ferienwohnung-bad-feilnbach.de\/wp-content\/uploads\/2025\/01\/DSC_2076-768x511.jpg 768w, https:\/\/ferienwohnung-bad-feilnbach.de\/wp-content\/uploads\/2025\/01\/DSC_2076-1536x1021.jpg 1536w, https:\/\/ferienwohnung-bad-feilnbach.de\/wp-content\/uploads\/2025\/01\/DSC_2076-2048x1362.jpg 2048w\" sizes=\"auto, (max-width: 2560px) 100vw, 2560px\" \/><\/figure>\n\n\n\n<figure class=\"wp-block-image size-full is-style-rounded\"><img loading=\"lazy\" decoding=\"async\" width=\"2560\" height=\"1702\" data-id=\"248\" src=\"https:\/\/ferienwohnung-bad-feilnbach.de\/wp-content\/uploads\/2025\/01\/DSC_2074-scaled.jpg\" alt=\"\" class=\"wp-image-248\" srcset=\"https:\/\/ferienwohnung-bad-feilnbach.de\/wp-content\/uploads\/2025\/01\/DSC_2074-scaled.jpg 2560w, https:\/\/ferienwohnung-bad-feilnbach.de\/wp-content\/uploads\/2025\/01\/DSC_2074-602x400.jpg 602w, https:\/\/ferienwohnung-bad-feilnbach.de\/wp-content\/uploads\/2025\/01\/DSC_2074-797x530.jpg 797w, https:\/\/ferienwohnung-bad-feilnbach.de\/wp-content\/uploads\/2025\/01\/DSC_2074-768x511.jpg 768w, https:\/\/ferienwohnung-bad-feilnbach.de\/wp-content\/uploads\/2025\/01\/DSC_2074-1536x1021.jpg 1536w, https:\/\/ferienwohnung-bad-feilnbach.de\/wp-content\/uploads\/2025\/01\/DSC_2074-2048x1362.jpg 2048w\" sizes=\"auto, (max-width: 2560px) 100vw, 2560px\" \/><\/figure>\n\n\n\n<figure class=\"wp-block-image size-full is-style-rounded\"><img loading=\"lazy\" decoding=\"async\" width=\"2560\" height=\"1440\" data-id=\"175\" src=\"https:\/\/ferienwohnung-bad-feilnbach.de\/wp-content\/uploads\/2025\/01\/SAM_2407-scaled.jpg\" alt=\"\" class=\"wp-image-175\" srcset=\"https:\/\/ferienwohnung-bad-feilnbach.de\/wp-content\/uploads\/2025\/01\/SAM_2407-scaled.jpg 2560w, https:\/\/ferienwohnung-bad-feilnbach.de\/wp-content\/uploads\/2025\/01\/SAM_2407-690x388.jpg 690w, https:\/\/ferienwohnung-bad-feilnbach.de\/wp-content\/uploads\/2025\/01\/SAM_2407-942x530.jpg 942w, https:\/\/ferienwohnung-bad-feilnbach.de\/wp-content\/uploads\/2025\/01\/SAM_2407-500x280.jpg 500w, https:\/\/ferienwohnung-bad-feilnbach.de\/wp-content\/uploads\/2025\/01\/SAM_2407-768x432.jpg 768w, https:\/\/ferienwohnung-bad-feilnbach.de\/wp-content\/uploads\/2025\/01\/SAM_2407-1536x864.jpg 1536w, https:\/\/ferienwohnung-bad-feilnbach.de\/wp-content\/uploads\/2025\/01\/SAM_2407-2048x1152.jpg 2048w\" sizes=\"auto, (max-width: 2560px) 100vw, 2560px\" \/><\/figure>\n\n\n\n<figure class=\"wp-block-image size-full is-style-rounded\"><img loading=\"lazy\" decoding=\"async\" width=\"2560\" height=\"1702\" data-id=\"242\" src=\"https:\/\/ferienwohnung-bad-feilnbach.de\/wp-content\/uploads\/2025\/01\/DSC_2070-scaled.jpg\" alt=\"\" class=\"wp-image-242\" srcset=\"https:\/\/ferienwohnung-bad-feilnbach.de\/wp-content\/uploads\/2025\/01\/DSC_2070-scaled.jpg 2560w, https:\/\/ferienwohnung-bad-feilnbach.de\/wp-content\/uploads\/2025\/01\/DSC_2070-602x400.jpg 602w, https:\/\/ferienwohnung-bad-feilnbach.de\/wp-content\/uploads\/2025\/01\/DSC_2070-797x530.jpg 797w, https:\/\/ferienwohnung-bad-feilnbach.de\/wp-content\/uploads\/2025\/01\/DSC_2070-768x511.jpg 768w, https:\/\/ferienwohnung-bad-feilnbach.de\/wp-content\/uploads\/2025\/01\/DSC_2070-1536x1021.jpg 1536w, https:\/\/ferienwohnung-bad-feilnbach.de\/wp-content\/uploads\/2025\/01\/DSC_2070-2048x1362.jpg 2048w\" sizes=\"auto, (max-width: 2560px) 100vw, 2560px\" \/><\/figure>\n\n\n\n<figure class=\"wp-block-image size-full is-style-rounded\"><img loading=\"lazy\" decoding=\"async\" width=\"320\" height=\"240\" data-id=\"96\" src=\"https:\/\/ferienwohnung-bad-feilnbach.de\/wp-content\/uploads\/2025\/01\/Bilder-Haus-2010-009.jpg\" alt=\"\" class=\"wp-image-96\"\/><\/figure>\n\n\n\n<figure class=\"wp-block-image size-full is-style-rounded\"><img loading=\"lazy\" decoding=\"async\" width=\"2560\" height=\"1440\" data-id=\"324\" src=\"https:\/\/ferienwohnung-bad-feilnbach.de\/wp-content\/uploads\/2025\/01\/SAM_2395-1-scaled.jpg\" alt=\"\" class=\"wp-image-324\" srcset=\"https:\/\/ferienwohnung-bad-feilnbach.de\/wp-content\/uploads\/2025\/01\/SAM_2395-1-scaled.jpg 2560w, https:\/\/ferienwohnung-bad-feilnbach.de\/wp-content\/uploads\/2025\/01\/SAM_2395-1-690x388.jpg 690w, https:\/\/ferienwohnung-bad-feilnbach.de\/wp-content\/uploads\/2025\/01\/SAM_2395-1-942x530.jpg 942w, https:\/\/ferienwohnung-bad-feilnbach.de\/wp-content\/uploads\/2025\/01\/SAM_2395-1-500x280.jpg 500w, https:\/\/ferienwohnung-bad-feilnbach.de\/wp-content\/uploads\/2025\/01\/SAM_2395-1-768x432.jpg 768w, https:\/\/ferienwohnung-bad-feilnbach.de\/wp-content\/uploads\/2025\/01\/SAM_2395-1-1536x864.jpg 1536w, https:\/\/ferienwohnung-bad-feilnbach.de\/wp-content\/uploads\/2025\/01\/SAM_2395-1-2048x1152.jpg 2048w\" sizes=\"auto, (max-width: 2560px) 100vw, 2560px\" \/><\/figure>\n\n\n\n<figure class=\"wp-block-image size-full is-style-rounded\"><img loading=\"lazy\" decoding=\"async\" width=\"2560\" height=\"1440\" data-id=\"174\" src=\"https:\/\/ferienwohnung-bad-feilnbach.de\/wp-content\/uploads\/2025\/01\/SAM_2406-scaled.jpg\" alt=\"\" class=\"wp-image-174\" srcset=\"https:\/\/ferienwohnung-bad-feilnbach.de\/wp-content\/uploads\/2025\/01\/SAM_2406-scaled.jpg 2560w, https:\/\/ferienwohnung-bad-feilnbach.de\/wp-content\/uploads\/2025\/01\/SAM_2406-690x388.jpg 690w, https:\/\/ferienwohnung-bad-feilnbach.de\/wp-content\/uploads\/2025\/01\/SAM_2406-942x530.jpg 942w, https:\/\/ferienwohnung-bad-feilnbach.de\/wp-content\/uploads\/2025\/01\/SAM_2406-500x280.jpg 500w, https:\/\/ferienwohnung-bad-feilnbach.de\/wp-content\/uploads\/2025\/01\/SAM_2406-768x432.jpg 768w, https:\/\/ferienwohnung-bad-feilnbach.de\/wp-content\/uploads\/2025\/01\/SAM_2406-1536x864.jpg 1536w, https:\/\/ferienwohnung-bad-feilnbach.de\/wp-content\/uploads\/2025\/01\/SAM_2406-2048x1152.jpg 2048w\" sizes=\"auto, (max-width: 2560px) 100vw, 2560px\" \/><\/figure>\n\n\n\n<figure class=\"wp-block-image size-full is-style-rounded\"><img loading=\"lazy\" decoding=\"async\" width=\"822\" height=\"547\" data-id=\"233\" src=\"https:\/\/ferienwohnung-bad-feilnbach.de\/wp-content\/uploads\/2025\/01\/DSC_2057.jpg\" alt=\"\" class=\"wp-image-233\" srcset=\"https:\/\/ferienwohnung-bad-feilnbach.de\/wp-content\/uploads\/2025\/01\/DSC_2057.jpg 822w, https:\/\/ferienwohnung-bad-feilnbach.de\/wp-content\/uploads\/2025\/01\/DSC_2057-601x400.jpg 601w, https:\/\/ferienwohnung-bad-feilnbach.de\/wp-content\/uploads\/2025\/01\/DSC_2057-796x530.jpg 796w, https:\/\/ferienwohnung-bad-feilnbach.de\/wp-content\/uploads\/2025\/01\/DSC_2057-768x511.jpg 768w\" sizes=\"auto, (max-width: 822px) 100vw, 822px\" \/><\/figure>\n\n\n\n<figure class=\"wp-block-image size-full is-style-rounded\"><img loading=\"lazy\" decoding=\"async\" width=\"2256\" height=\"1496\" data-id=\"183\" src=\"https:\/\/ferienwohnung-bad-feilnbach.de\/wp-content\/uploads\/2025\/01\/DSC_4756-1.jpg\" alt=\"\" class=\"wp-image-183\" srcset=\"https:\/\/ferienwohnung-bad-feilnbach.de\/wp-content\/uploads\/2025\/01\/DSC_4756-1.jpg 2256w, https:\/\/ferienwohnung-bad-feilnbach.de\/wp-content\/uploads\/2025\/01\/DSC_4756-1-603x400.jpg 603w, https:\/\/ferienwohnung-bad-feilnbach.de\/wp-content\/uploads\/2025\/01\/DSC_4756-1-799x530.jpg 799w, https:\/\/ferienwohnung-bad-feilnbach.de\/wp-content\/uploads\/2025\/01\/DSC_4756-1-768x509.jpg 768w, https:\/\/ferienwohnung-bad-feilnbach.de\/wp-content\/uploads\/2025\/01\/DSC_4756-1-1536x1019.jpg 1536w, https:\/\/ferienwohnung-bad-feilnbach.de\/wp-content\/uploads\/2025\/01\/DSC_4756-1-2048x1358.jpg 2048w\" sizes=\"auto, (max-width: 2256px) 100vw, 2256px\" \/><\/figure>\n\n\n\n<figure class=\"wp-block-image size-full is-style-rounded\"><img loading=\"lazy\" decoding=\"async\" width=\"2560\" height=\"1440\" data-id=\"165\" src=\"https:\/\/ferienwohnung-bad-feilnbach.de\/wp-content\/uploads\/2025\/01\/SAM_2397-scaled.jpg\" alt=\"\" class=\"wp-image-165\" srcset=\"https:\/\/ferienwohnung-bad-feilnbach.de\/wp-content\/uploads\/2025\/01\/SAM_2397-scaled.jpg 2560w, https:\/\/ferienwohnung-bad-feilnbach.de\/wp-content\/uploads\/2025\/01\/SAM_2397-690x388.jpg 690w, https:\/\/ferienwohnung-bad-feilnbach.de\/wp-content\/uploads\/2025\/01\/SAM_2397-942x530.jpg 942w, https:\/\/ferienwohnung-bad-feilnbach.de\/wp-content\/uploads\/2025\/01\/SAM_2397-500x280.jpg 500w, https:\/\/ferienwohnung-bad-feilnbach.de\/wp-content\/uploads\/2025\/01\/SAM_2397-768x432.jpg 768w, https:\/\/ferienwohnung-bad-feilnbach.de\/wp-content\/uploads\/2025\/01\/SAM_2397-1536x864.jpg 1536w, https:\/\/ferienwohnung-bad-feilnbach.de\/wp-content\/uploads\/2025\/01\/SAM_2397-2048x1152.jpg 2048w\" sizes=\"auto, (max-width: 2560px) 100vw, 2560px\" \/><\/figure>\n<\/figure>\n\n\n\n<p><\/p>\n\n\n\n<p class=\"has-black-color has-text-color has-link-color has-small-font-size wp-elements-fda5219e57c5e39af04793b491c56396\"><\/p>\n\n\n\n<p class=\"has-black-color has-text-color has-link-color has-small-font-size wp-elements-fda5219e57c5e39af04793b491c56396\"><\/p>\n\n\n\n<div id=\"section-g-htkkpzx\" class=\"wp-block-gutentor-e0 section-g-htkkpzx gutentor-element gutentor-element-advanced-text\"><div class=\"gutentor-text-wrap\"><h6 class=\"gutentor-text\"><strong>Datenschutzerkl\u00e4rung und Impressum<br><br>G\u00e4stehaus Kurz Bad Feilnbach<br>Vermietung von Ferienwohnungen ohne weitere Dienstleistungen und\/ oder Produkt sowie Waren-Handel<br><br>Auf welcher rechtlichen Grundlage basiert diese Datenschutzerkl\u00e4rung<\/strong><\/h6><\/div><\/div>\n\n\n\n<p class=\"has-black-color has-text-color has-link-color has-small-font-size wp-elements-d64c67011cdcc6c3645ae7572765abd8\">Dieses Dokument hat zum Ziel, Ihnen als Nutzer Sicherheit zu geben und gleichzeitig den Anbieter vor rechtlichen Konsequenzen zu sch\u00fctzen. Gem\u00e4\u00df&nbsp;<a href=\"https:\/\/beck-online.beck.de\/Print\/CurrentDoc?vpath=bibdata\/komm\/rossnagelkotelemedien_1\/tmg\/cont\/rossnagelkotelemedien.tmg.p13.htm&amp;printdialogmode=CurrentDoc&amp;hlword=\">\u00a7 13 Abs. 1 Telemediengesetz (TMG)<\/a>&nbsp;sowie&nbsp;<a href=\"https:\/\/www.ihk-muenchen.de\/ihk\/documents\/Recht-Steuern\/Datenschutz\/2021_02_09_IHK_Muster-Informationspflicht-nach-Art.-13-und-14-DSGVO.pdf\">Art. 13 und 14 DSGVO<\/a>, muss jeder Anbieter einer Website oder App beim Erheben von personenbezogenen Daten die betreffenden Personen \u00fcber die Art, den Umfang und den Zweck der Datenverarbeitung informieren.&nbsp;<\/p>\n\n\n\n<p class=\"has-black-color has-text-color has-link-color has-small-font-size wp-elements-d37f02b95ee432e43d3f039c5ba60dec\">Die Nutzung unserer Website (ferienwohnunh-bad-feilnbach.de) ist in der Regel ohne Angabe personenbezogener Daten m\u00f6glich. Soweit auf unserer Seite personenbezogene Daten (beispielsweise Name, Anschrift, E-Mail-Adressen) erhoben werden, erfolgt dies, soweit m\u00f6glich, stets auf freiwilliger Basis. Diese Daten werden ohne Ihre ausdr\u00fcckliche Zustimmung nicht an Dritte weitergegeben. Wir weisen jedoch darauf hin, dass die Daten\u00fcbertragung im Internet (z.B. bei der Kommunikation per E-Mail) Sicherheitsl\u00fccken aufweisen kann. Ein l\u00fcckenloser Schutz der Daten vor dem Zugriff durch Dritte ist nicht m\u00f6glich.<\/p>\n\n\n\n<p class=\"has-black-color has-text-color has-link-color has-small-font-size wp-elements-0451d5f7832de6d1ae0d815209eb2ddd\"><strong>Datenschutzerkl\u00e4rung f\u00fcr die Nutzung von Cookies<\/strong><\/p>\n\n\n\n<p class=\"has-black-color has-text-color has-link-color has-small-font-size wp-elements-c4652f0b0521ae12e5bfad4791226e2c\">Unsere Website verwendet Cookies. Cookies sind kleine Textdateien, die auf Ihrem Endger\u00e4t gespeichert werden und bestimmte Informationen enthalten. Sie dienen dazu, das Internetangebot insgesamt nutzerfreundlicher und effektiver zu machen. Einige der von uns verwendeten Cookies werden nach Ende der Browser-Sitzung, also nach Schlie\u00dfen Ihres Browsers, wieder gel\u00f6scht (sog. Sitzungs-Cookies). Andere Cookies verbleiben auf Ihrem Endger\u00e4t und erm\u00f6glichen uns oder unseren Partnerunternehmen, Ihren Browser beim n\u00e4chsten Besuch wiederzuerkennen (persistente Cookies). Sie k\u00f6nnen Ihren Browser so einstellen, dass Sie \u00fcber das Setzen von Cookies informiert werden und einzeln \u00fcber deren Annahme entscheiden oder die Annahme von Cookies f\u00fcr bestimmte F\u00e4lle oder generell ausschlie\u00dfen. Bei der Nichtannahme von Cookies kann die Funktionalit\u00e4t unserer Website eingeschr\u00e4nkt sein.<\/p>\n\n\n\n<p class=\"has-black-color has-text-color has-link-color has-small-font-size wp-elements-5009fc3fd11dde5f71cf1294dc995d9b\"><strong>Datenschutzerkl\u00e4rung f\u00fcr die Nutzung von Google Analytics<\/strong><\/p>\n\n\n\n<p class=\"has-black-color has-text-color has-link-color has-small-font-size wp-elements-70c5da631e44bedad4212eade7c46a86\">Unsere Website verwendet Google Analytics, einen Webanalysedienst von Google Inc. (&#8222;Google&#8220;). Google Analytics verwendet Cookies, die eine Analyse der Benutzung der Website erm\u00f6glichen. Die durch den Cookie erzeugten Informationen \u00fcber Ihre Benutzung dieser Website (einschlie\u00dflich Ihrer IP-Adresse) werden in der Regel an einen Server von Google in den USA \u00fcbertragen und dort gespeichert. Wir haben die IP-Anonymisierung auf dieser Website aktiviert, so dass Ihre IP-Adresse von Google innerhalb von Mitgliedstaaten der Europ\u00e4ischen Union oder in anderen Vertragsstaaten des Abkommens \u00fcber den Europ\u00e4ischen Wirtschaftsraum zuvor gek\u00fcrzt wird. Nur in Ausnahmef\u00e4llen wird die volle IP-Adresse an einen Server von Google in den USA \u00fcbertragen und dort gek\u00fcrzt. Google wird diese Informationen in unserem Auftrag verwenden, um Ihre Nutzung der Website auszuwerten, um Reports \u00fcber die Websiteaktivit\u00e4ten zusammenzustellen und um weitere mit der Websitenutzung und der Internetnutzung verbundene Dienstleistungen gegen\u00fcber uns zu erbringen. Die im Rahmen von Google Analytics von Ihrem Browser \u00fcbermittelte IP-Adresse wird nicht mit anderen Daten von Google zusammengef\u00fchrt.<\/p>\n\n\n\n<p class=\"has-black-color has-text-color has-link-color has-small-font-size wp-elements-a39996fb12f1d1bf2d4af1ce1ed4c04a\">Sie k\u00f6nnen die Speicherung der Cookies durch eine entsprechende Einstellung Ihrer Browser-Software verhindern; wir weisen Sie jedoch darauf hin, dass Sie in diesem Fall m\u00f6glicherweise nicht alle Funktionen dieser Website vollumf\u00e4nglich nutzen k\u00f6nnen. Sie k\u00f6nnen dar\u00fcber hinaus die Erfassung der durch das Cookie erzeugten und auf Ihre Nutzung der Website bezogenen Daten (inkl. Ihrer IP-Adresse) an Google sowie die Verarbeitung dieser Daten durch Google verhindern, indem Sie das unter dem folgenden Link verf\u00fcgbare Browser-Plugin herunterladen und installieren: http:\/\/tools.google.com\/dlpage\/gaoptout?hl=de.<\/p>\n\n\n\n<p class=\"has-black-color has-text-color has-link-color has-small-font-size wp-elements-f91e21fcd284c32061c47f216de6aa9d\"><strong>Datenschutzerkl\u00e4rung f\u00fcr die Nutzung von Google+<\/strong><\/p>\n\n\n\n<p class=\"has-black-color has-text-color has-link-color has-small-font-size wp-elements-ea89bf9c7e1577f1da458c333027c680\">Unsere Seiten nutzen Funktionen von Google+. Anbieter ist die Google Inc., 1600 Amphitheatre Parkway, Mountain View, CA 94043, USA. Erfassung und Weitergabe von Informationen: Mithilfe der Google+-Schaltfl\u00e4che k\u00f6nnen Sie Informationen weltweit ver\u00f6ffentlichen. \u00dcber die Google+-Schaltfl\u00e4che erhalten Sie und andere Nutzer personalisierte Inhalte von Google und unseren Partnern. Google speichert sowohl die Information, dass Sie f\u00fcr einen Inhalt +1 gegeben haben, als auch Informationen \u00fcber die Seite, die Sie beim Klicken auf +1 angesehen haben. Ihre +1 k\u00f6nnen als Hinweise zusammen mit Ihrem Profilnamen und Ihrem Foto in Google-Diensten, wie etwa in Suchergebnissen oder in Ihrem Google-Profil, oder an anderen Stellen auf Websites und Anzeigen im Internet eingeblendet werden. Google zeichnet Informationen \u00fcber Ihre +1-Aktivit\u00e4ten auf, um die Google-Dienste f\u00fcr Sie und andere zu verbessern. Um die Google+-Schaltfl\u00e4che verwenden zu k\u00f6nnen, ben\u00f6tigen Sie ein weltweit sichtbares, \u00f6ffentliches Google-Profil, das zumindest den f\u00fcr das Profil gew\u00e4hlten Namen enthalten muss. Dieser Name wird in allen Google-Diensten verwendet. In manchen F\u00e4llen kann dieser Name auch einen anderen Namen ersetzen, den Sie beim Teilen von Inhalten \u00fcber Ihr Google-Konto verwendet haben. Die Identit\u00e4t Ihres Google-Profils kann Nutzern angezeigt werden, die Ihre E-Mail-Adresse kennen oder \u00fcber andere identifizierende Informationen von Ihnen verf\u00fcgen. Verwendung der erfassten Informationen: Neben den oben erl\u00e4uterten Verwendungszwecken werden die von Ihnen bereitgestellten Informationen gem\u00e4\u00df den geltenden Google-Datenschutzbestimmungen genutzt. Google ver\u00f6ffentlicht m\u00f6glicherweise zusammengefasste Statistiken \u00fcber die +1-Aktivit\u00e4ten der Nutzer bzw. gibt diese an Nutzer und Partner weiter, wie etwa Publisher, Inserenten oder verbundene Websites.<\/p>\n\n\n\n<p class=\"has-black-color has-text-color has-link-color has-small-font-size wp-elements-f1c9c35ea0fd9c19713bff4fce23bc30\"><strong>Personenbezogene Daten und Betrachter\/ Besucher unserer Internetseite<\/strong><\/p>\n\n\n\n<p class=\"has-black-color has-text-color has-link-color has-small-font-size wp-elements-e5915b007f1bc7b77e5571ac1bd3ee9c\"><strong>Es werden keine Personen oder Besucher bezogenen Daten \u00fcber diese Webseite abgespeichert, dies erfolgt auch nicht im Hintergrund auf elektronischer Weise innerhalb dieser Website.  Alle erforderlichen Daten f\u00fcr Buchungen, Anfragen und weiteren Informationen werden ausschlie\u00dflich Vorort analog in Papierform erstellt, eine Kopie Ihrer Anmeldedaten k\u00f6nnen Sie in Kopie w\u00e4hrend Ihres Aufenthaltes jederzeit auf Verlangen anfordern.<\/strong><\/p>\n\n\n\n<p class=\"has-black-color has-text-color has-link-color has-small-font-size wp-elements-11d9200d43a3105ac0cdd0ce70d42d65\"><strong>Auf welcher rechtlichen Grundlage basiert die Datenschutzerkl\u00e4rung?<\/strong><\/p>\n\n\n\n<p class=\"has-black-color has-text-color has-link-color has-small-font-size wp-elements-d64c67011cdcc6c3645ae7572765abd8\">Dieses Dokument hat zum Ziel, Ihnen als Nutzer Sicherheit zu geben und gleichzeitig den Anbieter vor rechtlichen Konsequenzen zu sch\u00fctzen. Gem\u00e4\u00df&nbsp;<a href=\"https:\/\/beck-online.beck.de\/Print\/CurrentDoc?vpath=bibdata\/komm\/rossnagelkotelemedien_1\/tmg\/cont\/rossnagelkotelemedien.tmg.p13.htm&amp;printdialogmode=CurrentDoc&amp;hlword=\">\u00a7 13 Abs. 1 Telemediengesetz (TMG)<\/a>&nbsp;sowie&nbsp;<a href=\"https:\/\/www.ihk-muenchen.de\/ihk\/documents\/Recht-Steuern\/Datenschutz\/2021_02_09_IHK_Muster-Informationspflicht-nach-Art.-13-und-14-DSGVO.pdf\">Art. 13 und 14 DSGVO<\/a>, muss jeder Anbieter einer Website oder App beim Erheben von personenbezogenen Daten die betreffenden Personen \u00fcber die Art, den Umfang und den Zweck der Datenverarbeitung informieren.&nbsp;<\/p>\n\n\n\n<p class=\"has-black-color has-text-color has-link-color has-small-font-size wp-elements-ec74a46a79d445e146b62488555d4712\"><strong>Kontak und Impressum <\/strong><\/p>\n\n\n\n<p class=\"has-black-color has-text-color has-link-color has-small-font-size wp-elements-ce4c4d069e38aec7b59bf060174b2068\">Name und Kontakt des Verantwortlichen\/ Inhaber des Unternehmens<\/p>\n\n\n\n<p class=\"has-black-color has-text-color has-link-color has-small-font-size wp-elements-ae8ccf35c3bca7b202ba158bb9219b04\">G\u00e4stehaus Kurz<\/p>\n\n\n\n<p class=\"has-black-color has-text-color has-link-color has-small-font-size wp-elements-d2af3b37f854cf1654944768a51a499d\">Inhaber: Frau Susanne Schliecker ( geb. Susanne Kurz )<\/p>\n\n\n\n<p class=\"has-black-color has-text-color has-link-color has-small-font-size wp-elements-ac57d51998f975710750b1200cbfa583\">Wohnhaft: Wendelsteinstrasse 29<\/p>\n\n\n\n<p class=\"has-black-color has-text-color has-link-color has-small-font-size wp-elements-34d4959442ca682bb6e9d323e49201a2\">&nbsp;&nbsp;&nbsp;&nbsp;&nbsp;&nbsp;&nbsp;&nbsp;&nbsp;&nbsp;&nbsp;&nbsp;&nbsp;&nbsp;&nbsp;&nbsp;&nbsp;&nbsp;     83075 Bad Feilnbach<\/p>\n\n\n\n<p class=\"has-black-color has-text-color has-link-color has-small-font-size wp-elements-7c44083e92dd72e529ea2976b1a45f84\">Kontaktadresse : E-Mail : <a href=\"mailto:kurz.susanne@gmx.de\">kurz.susanne@gmx.de<\/a><\/p>\n\n\n\n<p class=\"has-black-color has-text-color has-link-color has-small-font-size wp-elements-098be28def18c5ca93795038c44a6371\">Telefon:&nbsp;&nbsp;&nbsp; 08066 \u2013 400<\/p>\n\n\n\n<p class=\"has-black-color has-text-color has-link-color has-small-font-size wp-elements-740834773a57213447083cfbf00e442e\">Umsatzsteueridentifikationsnummer (nach \u00a7 27a des Umsatzsteuergesetz)<\/p>\n\n\n\n<p class=\"has-black-color has-text-color has-link-color has-small-font-size wp-elements-59e76a128bafc4cf5baac3ebbd6cc551\">Ust.-IdNr.: DE252150423<\/p>\n\n\n\n<p class=\"has-link-color has-small-font-size wp-elements-0fe6f1c9f7745257d88f37027d5b980e\"><\/p>\n\n\n\n<p class=\"has-link-color has-small-font-size wp-elements-0fe6f1c9f7745257d88f37027d5b980e\"><\/p>\n","protected":false},"excerpt":{"rendered":"<p>Ferienwohnung 1 Ferienwohnung 2 Information und Preise Anfrage und Buchung unter: Dieses Dokument hat zum Ziel, Ihnen als Nutzer Sicherheit zu geben und gleichzeitig den Anbieter vor rechtlichen Konsequenzen zu sch\u00fctzen. Gem\u00e4\u00df&nbsp;\u00a7 13 Abs. 1 Telemediengesetz (TMG)&nbsp;sowie&nbsp;Art. 13 und 14 DSGVO, muss jeder Anbieter einer Website oder App beim Erheben von personenbezogenen Daten die betreffenden Personen \u00fcber die Art, den Umfang und den Zweck der Datenverarbeitung informieren.&nbsp; Die Nutzung unserer Website (ferienwohnunh-bad-feilnbach.de) ist in der Regel ohne Angabe personenbezogener Daten m\u00f6glich. Soweit auf unserer Seite personenbezogene Daten (beispielsweise Name, Anschrift, <\/p>\n","protected":false},"author":1,"featured_media":199,"parent":0,"menu_order":0,"comment_status":"closed","ping_status":"closed","template":"","meta":{"footnotes":""},"class_list":["post-58","page","type-page","status-publish","has-post-thumbnail","hentry"],"_links":{"self":[{"href":"https:\/\/ferienwohnung-bad-feilnbach.de\/index.php?rest_route=\/wp\/v2\/pages\/58","targetHints":{"allow":["GET"]}}],"collection":[{"href":"https:\/\/ferienwohnung-bad-feilnbach.de\/index.php?rest_route=\/wp\/v2\/pages"}],"about":[{"href":"https:\/\/ferienwohnung-bad-feilnbach.de\/index.php?rest_route=\/wp\/v2\/types\/page"}],"author":[{"embeddable":true,"href":"https:\/\/ferienwohnung-bad-feilnbach.de\/index.php?rest_route=\/wp\/v2\/users\/1"}],"replies":[{"embeddable":true,"href":"https:\/\/ferienwohnung-bad-feilnbach.de\/index.php?rest_route=%2Fwp%2Fv2%2Fcomments&post=58"}],"version-history":[{"count":182,"href":"https:\/\/ferienwohnung-bad-feilnbach.de\/index.php?rest_route=\/wp\/v2\/pages\/58\/revisions"}],"predecessor-version":[{"id":550,"href":"https:\/\/ferienwohnung-bad-feilnbach.de\/index.php?rest_route=\/wp\/v2\/pages\/58\/revisions\/550"}],"wp:featuredmedia":[{"embeddable":true,"href":"https:\/\/ferienwohnung-bad-feilnbach.de\/index.php?rest_route=\/wp\/v2\/media\/199"}],"wp:attachment":[{"href":"https:\/\/ferienwohnung-bad-feilnbach.de\/index.php?rest_route=%2Fwp%2Fv2%2Fmedia&parent=58"}],"curies":[{"name":"wp","href":"https:\/\/api.w.org\/{rel}","templated":true}]}}